{"id":3876,"date":"2026-09-04T12:35:00","date_gmt":"2026-09-04T10:35:00","guid":{"rendered":"https:\/\/numpex.org\/event\/conference-francophone-sur-linformatique-en-parallelisme-architecture-et-systemes-compas-2026\/"},"modified":"2026-09-04T12:35:00","modified_gmt":"2026-09-04T10:35:00","slug":"conference-francophone-sur-linformatique-en-parallelisme-architecture-et-systemes-compas-2026","status":"publish","type":"npx_event","link":"https:\/\/numpex.org\/fr\/event\/conference-francophone-sur-linformatique-en-parallelisme-architecture-et-systemes-compas-2026\/","title":{"rendered":"Conf\u00e9rence francophone sur l&rsquo;informatique en parall\u00e9lisme, architecture et syst\u00e8mes (COMPAS 2026)"},"content":{"rendered":"<h2>Conf\u00e9rence francophone sur l&rsquo;informatique en parall\u00e9lisme, architecture et syst\u00e8mes (COMPAS)<\/h2>\n<p>Depuis de nombreuses ann\u00e9es, Compas offre \u00e0 la communaut\u00e9 francophone \u2014 ainsi qu\u2019aux personnes travaillant en France sur ces th\u00e8mes \u2014 la possibilit\u00e9 d\u2019\u00e9changer des id\u00e9es gr\u00e2ce \u00e0 un programme riche et vari\u00e9. Son objectif principal est de favoriser les interactions entre chercheurs confirm\u00e9s, chercheurs en d\u00e9but de carri\u00e8re et professionnels du secteur. Compas renforce les liens entre les \u00e9quipes de recherche \u00e0 travers le monde francophone et favorise l\u2019\u00e9mergence de nouveaux th\u00e8mes de recherche et de nouvelles collaborations, en mettant particuli\u00e8rement l\u2019accent sur l\u2019int\u00e9gration des jeunes chercheurs.  <\/p>\n","protected":false},"featured_media":0,"template":"","npx_event_type":[126],"npx_event_project":[119,131],"class_list":["post-3876","npx_event","type-npx_event","status-publish","hentry","npx_event_type-conference","npx_event_project-numpex","npx_event_project-hpc"],"yoast_head":"<!-- This site is optimized with the Yoast SEO plugin v28.3 - https:\/\/yoast.com\/product\/yoast-seo-wordpress\/ -->\n<title>Conf\u00e9rence francophone sur l&#039;informatique en parall\u00e9lisme, architecture et syst\u00e8mes (COMPAS 2026) - NumPEx<\/title>\n<meta name=\"robots\" content=\"index, follow, max-snippet:-1, max-image-preview:large, max-video-preview:-1\" \/>\n<link rel=\"canonical\" href=\"https:\/\/numpex.org\/fr\/event\/conference-francophone-sur-linformatique-en-parallelisme-architecture-et-systemes-compas-2026\/\" \/>\n<meta property=\"og:locale\" content=\"fr_FR\" \/>\n<meta property=\"og:type\" content=\"article\" \/>\n<meta property=\"og:title\" content=\"Conf\u00e9rence francophone sur l&#039;informatique en parall\u00e9lisme, architecture et syst\u00e8mes (COMPAS 2026) - NumPEx\" \/>\n<meta property=\"og:description\" content=\"Conf\u00e9rence francophone sur l&rsquo;informatique en parall\u00e9lisme, architecture et syst\u00e8mes (COMPAS) Depuis de nombreuses ann\u00e9es, Compas offre \u00e0 la communaut\u00e9 francophone [&hellip;]\" \/>\n<meta property=\"og:url\" content=\"https:\/\/numpex.org\/fr\/event\/conference-francophone-sur-linformatique-en-parallelisme-architecture-et-systemes-compas-2026\/\" \/>\n<meta property=\"og:site_name\" content=\"NumPEx\" \/>\n<meta name=\"twitter:card\" content=\"summary_large_image\" \/>\n<meta name=\"twitter:label1\" content=\"Dur\u00e9e de lecture estim\u00e9e\" \/>\n\t<meta name=\"twitter:data1\" content=\"1 minute\" \/>\n<script type=\"application\/ld+json\" class=\"yoast-schema-graph\">{\"@context\":\"https:\\\/\\\/schema.org\",\"@graph\":[{\"@type\":\"WebPage\",\"@id\":\"https:\\\/\\\/numpex.org\\\/fr\\\/event\\\/conference-francophone-sur-linformatique-en-parallelisme-architecture-et-systemes-compas-2026\\\/\",\"url\":\"https:\\\/\\\/numpex.org\\\/fr\\\/event\\\/conference-francophone-sur-linformatique-en-parallelisme-architecture-et-systemes-compas-2026\\\/\",\"name\":\"Conf\u00e9rence francophone sur l'informatique en parall\u00e9lisme, architecture et syst\u00e8mes (COMPAS 2026) - NumPEx\",\"isPartOf\":{\"@id\":\"https:\\\/\\\/numpex.org\\\/fr\\\/#website\"},\"datePublished\":\"2026-09-04T10:35:00+00:00\",\"breadcrumb\":{\"@id\":\"https:\\\/\\\/numpex.org\\\/fr\\\/event\\\/conference-francophone-sur-linformatique-en-parallelisme-architecture-et-systemes-compas-2026\\\/#breadcrumb\"},\"inLanguage\":\"fr-FR\",\"potentialAction\":[{\"@type\":\"ReadAction\",\"target\":[\"https:\\\/\\\/numpex.org\\\/fr\\\/event\\\/conference-francophone-sur-linformatique-en-parallelisme-architecture-et-systemes-compas-2026\\\/\"]}]},{\"@type\":\"BreadcrumbList\",\"@id\":\"https:\\\/\\\/numpex.org\\\/fr\\\/event\\\/conference-francophone-sur-linformatique-en-parallelisme-architecture-et-systemes-compas-2026\\\/#breadcrumb\",\"itemListElement\":[{\"@type\":\"ListItem\",\"position\":1,\"name\":\"Home\",\"item\":\"https:\\\/\\\/numpex.org\\\/fr\\\/\"},{\"@type\":\"ListItem\",\"position\":2,\"name\":\"Conf\u00e9rence francophone sur l&#8217;informatique en parall\u00e9lisme, architecture et syst\u00e8mes (COMPAS 2026)\"}]},{\"@type\":\"WebSite\",\"@id\":\"https:\\\/\\\/numpex.org\\\/fr\\\/#website\",\"url\":\"https:\\\/\\\/numpex.org\\\/fr\\\/\",\"name\":\"NumPEx\",\"description\":\"Digital for Exascale\",\"potentialAction\":[{\"@type\":\"SearchAction\",\"target\":{\"@type\":\"EntryPoint\",\"urlTemplate\":\"https:\\\/\\\/numpex.org\\\/fr\\\/?s={search_term_string}\"},\"query-input\":{\"@type\":\"PropertyValueSpecification\",\"valueRequired\":true,\"valueName\":\"search_term_string\"}}],\"inLanguage\":\"fr-FR\"}]}<\/script>\n<!-- \/ Yoast SEO plugin. -->","yoast_head_json":{"title":"Conf\u00e9rence francophone sur l'informatique en parall\u00e9lisme, architecture et syst\u00e8mes (COMPAS 2026) - NumPEx","robots":{"index":"index","follow":"follow","max-snippet":"max-snippet:-1","max-image-preview":"max-image-preview:large","max-video-preview":"max-video-preview:-1"},"canonical":"https:\/\/numpex.org\/fr\/event\/conference-francophone-sur-linformatique-en-parallelisme-architecture-et-systemes-compas-2026\/","og_locale":"fr_FR","og_type":"article","og_title":"Conf\u00e9rence francophone sur l'informatique en parall\u00e9lisme, architecture et syst\u00e8mes (COMPAS 2026) - NumPEx","og_description":"Conf\u00e9rence francophone sur l&rsquo;informatique en parall\u00e9lisme, architecture et syst\u00e8mes (COMPAS) Depuis de nombreuses ann\u00e9es, Compas offre \u00e0 la communaut\u00e9 francophone [&hellip;]","og_url":"https:\/\/numpex.org\/fr\/event\/conference-francophone-sur-linformatique-en-parallelisme-architecture-et-systemes-compas-2026\/","og_site_name":"NumPEx","twitter_card":"summary_large_image","twitter_misc":{"Dur\u00e9e de lecture estim\u00e9e":"1 minute"},"schema":{"@context":"https:\/\/schema.org","@graph":[{"@type":"WebPage","@id":"https:\/\/numpex.org\/fr\/event\/conference-francophone-sur-linformatique-en-parallelisme-architecture-et-systemes-compas-2026\/","url":"https:\/\/numpex.org\/fr\/event\/conference-francophone-sur-linformatique-en-parallelisme-architecture-et-systemes-compas-2026\/","name":"Conf\u00e9rence francophone sur l'informatique en parall\u00e9lisme, architecture et syst\u00e8mes (COMPAS 2026) - NumPEx","isPartOf":{"@id":"https:\/\/numpex.org\/fr\/#website"},"datePublished":"2026-09-04T10:35:00+00:00","breadcrumb":{"@id":"https:\/\/numpex.org\/fr\/event\/conference-francophone-sur-linformatique-en-parallelisme-architecture-et-systemes-compas-2026\/#breadcrumb"},"inLanguage":"fr-FR","potentialAction":[{"@type":"ReadAction","target":["https:\/\/numpex.org\/fr\/event\/conference-francophone-sur-linformatique-en-parallelisme-architecture-et-systemes-compas-2026\/"]}]},{"@type":"BreadcrumbList","@id":"https:\/\/numpex.org\/fr\/event\/conference-francophone-sur-linformatique-en-parallelisme-architecture-et-systemes-compas-2026\/#breadcrumb","itemListElement":[{"@type":"ListItem","position":1,"name":"Home","item":"https:\/\/numpex.org\/fr\/"},{"@type":"ListItem","position":2,"name":"Conf\u00e9rence francophone sur l&#8217;informatique en parall\u00e9lisme, architecture et syst\u00e8mes (COMPAS 2026)"}]},{"@type":"WebSite","@id":"https:\/\/numpex.org\/fr\/#website","url":"https:\/\/numpex.org\/fr\/","name":"NumPEx","description":"Digital for Exascale","potentialAction":[{"@type":"SearchAction","target":{"@type":"EntryPoint","urlTemplate":"https:\/\/numpex.org\/fr\/?s={search_term_string}"},"query-input":{"@type":"PropertyValueSpecification","valueRequired":true,"valueName":"search_term_string"}}],"inLanguage":"fr-FR"}]}},"acf":[],"_links":{"self":[{"href":"https:\/\/numpex.org\/fr\/wp-json\/wp\/v2\/npx_event\/3876","targetHints":{"allow":["GET"]}}],"collection":[{"href":"https:\/\/numpex.org\/fr\/wp-json\/wp\/v2\/npx_event"}],"about":[{"href":"https:\/\/numpex.org\/fr\/wp-json\/wp\/v2\/types\/npx_event"}],"wp:attachment":[{"href":"https:\/\/numpex.org\/fr\/wp-json\/wp\/v2\/media?parent=3876"}],"wp:term":[{"taxonomy":"npx_event_type","embeddable":true,"href":"https:\/\/numpex.org\/fr\/wp-json\/wp\/v2\/npx_event_type?post=3876"},{"taxonomy":"npx_event_project","embeddable":true,"href":"https:\/\/numpex.org\/fr\/wp-json\/wp\/v2\/npx_event_project?post=3876"}],"curies":[{"name":"wp","href":"https:\/\/api.w.org\/{rel}","templated":true}]}}